{"id":231,"date":"2019-07-08T23:55:24","date_gmt":"2019-07-08T21:55:24","guid":{"rendered":"https:\/\/szenik-prod.ngk.io\/?page_id=231\/"},"modified":"2026-04-28T16:40:48","modified_gmt":"2026-04-28T14:40:48","slug":"home","status":"publish","type":"page","link":"https:\/\/www.szenik.eu\/de","title":{"rendered":"Home"},"content":{"rendered":"            <div class=\"une-widget une-widget--szenik-une-slider before-sidebar\">\n                                    <h2>Aktuell<\/h2>\n                \n                            <div class=\"szenik-slider-wrap  no-titles\">\n                                    <div class=\"arrow arrow--left prev\">\n                        <i class=\"fa fa-caret-left\" aria-hidden=\"true\"><\/i>\n                    <\/div>\n                    <div class=\"arrow arrow--right next\">\n                        <i class=\"fa fa-caret-right\" aria-hidden=\"true\"><\/i>\n                    <\/div>\n                                <div class=\"szenik-slider\" data-running=\"auto\">\n                    <ul class=\"slider__thumbnails\">\n                                                    <li data-post-id=\"77719\" class=\"post--event\">\n                                <a href=\"https:\/\/www.szenik.eu\/de\/event\/hemmersdorf-pop-store\">\n                                    <img class=\"post-background\" src=\"https:\/\/www.szenik.eu\/wp-content\/uploads\/2026\/04\/cover.jpg\" alt=\"Hemmersdorf POP Store\">\n                                    <div class=\"post-info\">\n                                                                                    <span class=\"category\" style=\"color: #00f7e6\">\n                                                                                                    <img src=\"https:\/\/www.szenik.eu\/wp-content\/plugins\/szenik-une\/images\/szenik-slider.svg\" alt=\"szenik\">\n                                                                                                Weltmusik                                            <\/span>\n                                                                                            <br>\n                                                                                                                            <h3>Hemmersdorf POP Store<\/h3>\n                                                                                    <div class=\"date\">\n                                                <i class=\"date__icon fa fa-clock-o\"><\/i>\n                                                <span class=\"date__content\">\n                                                                                                                                            08\/05\/2026            \n                                                <br>                    18h00                                                                                                                                <\/span>\n                                            <\/div>\n                                            <div class=\"location\">\n                                                <i class=\"location__icon fa fa-search\"><\/i>\n                                                <span class=\"location__content\">\n                                                                                                            Hemmersdorf POP Store                                                                                                                    <br>\n                                                            <span class=\"location__content__city\">\n                                                                Siersburg                                                            <\/span>\n                                                                                                                                                            <\/span>\n                                            <\/div>\n                                                                            <\/div>\n                                <\/a>\n                            <\/li>\n                                                    <li data-post-id=\"77697\" class=\"post--post\">\n                                <a href=\"https:\/\/www.szenik.eu\/de\/bozo-dance-crew-des-studio-pro-arte-wird-deutscher-meister-im-hip-hop-77697\">\n                                    <img class=\"post-background\" src=\"https:\/\/www.szenik.eu\/wp-content\/uploads\/2026\/04\/Bozo-Crew-Deutshce-Maisterschaft-02-c-Sebastian-Striewski01.jpg\" alt=\"&lt;strong&gt;Bozo Dance Crew des Studio Pro Arte wird Deutscher Meister im Hip-Hop&lt;\/strong&gt;\">\n                                    <div class=\"post-info\">\n                                                                                    <span class=\"category\" style=\"color: #fff\">\n                                                                                                Magazin                                            <\/span>\n                                                                                                                            <h3><strong>Bozo Dance Crew des Studio Pro Arte wird Deutscher Meister im Hip-Hop<\/strong><\/h3>\n                                                                                                                                <div class=\"excerpt\">Die Bozo Dance Crew des Studio Pro Arte hat bei der Deutschen Meisterschaft den ersten Platz in der Kategorie Hip-Hop belegt. Mit ihrem ersten Tanzwettbewerb holen die jungen T\u00e4nzerinnen und T\u00e4nzer direkt den Titel in das Tanzhaus und Kulturzentrum...<\/div>\n                                                                            <\/div>\n                                <\/a>\n                            <\/li>\n                                                    <li data-post-id=\"77631\" class=\"post--post\">\n                                <a href=\"https:\/\/www.szenik.eu\/de\/schoog-im-dialog-mit-cordula-stratmann-77631\">\n                                    <img class=\"post-background\" src=\"https:\/\/www.szenik.eu\/wp-content\/uploads\/2026\/04\/Foto-Stratmann-c-Boris-Breuer-scaled-e1775823695404.jpg\" alt=\"Schoog im Dialog mit Cordula Stratmann\">\n                                    <div class=\"post-info\">\n                                                                                    <span class=\"category\" style=\"color: #fff\">\n                                                                                                Magazin                                            <\/span>\n                                                                                                                            <h3>Schoog im Dialog mit Cordula Stratmann<\/h3>\n                                                                                                                                <div class=\"excerpt\">In der Talkreihe Schoog im Dialog im Runden Saal des Kurhauses erz\u00e4hlen bekannte Pers\u00f6nlichkeiten von Erlebnissen und Erfahrungen, die ihr Leben gepr\u00e4gt haben. Am Mittwoch, 27. Mai 2026, ist Cordula Stratmann zu Gast bei \u201eSchoog im Dialog\u201c. Be...<\/div>\n                                                                            <\/div>\n                                <\/a>\n                            <\/li>\n                                                    <li data-post-id=\"77617\" class=\"post--post\">\n                                <a href=\"https:\/\/www.szenik.eu\/de\/ausgeschlachtet-2026-tag-der-offenen-tueren-im-kreativpark-alter-schlachthof-77617\">\n                                    <img class=\"post-background\" src=\"https:\/\/www.szenik.eu\/wp-content\/uploads\/2026\/04\/img_0357.jpg\" alt=\"Ausgeschlachtet! 2026: Tag der offenen T\u00fcren im Kreativpark Alter Schlachthof\">\n                                    <div class=\"post-info\">\n                                                                                    <span class=\"category\" style=\"color: #fff\">\n                                                                                                Magazin                                            <\/span>\n                                                                                                                            <h3>Ausgeschlachtet! 2026: Tag der offenen T\u00fcren im Kreativpark Alter Schlachthof<\/h3>\n                                                                                                                                <div class=\"excerpt\">Bevor im Jahr 2027 das 20-J\u00e4hrige des Kreativparks Alter Schlachthof mit einer Kulturnacht gro\u00df gefeiert werden soll, \u00f6ffnet sich das seit knapp zwei Jahrzehnten im Fokus der Karlsruher Stadtentwicklung prominent voranschreitenden Gel\u00e4nde im Oste...<\/div>\n                                                                            <\/div>\n                                <\/a>\n                            <\/li>\n                                                    <li data-post-id=\"77609\" class=\"post--post\">\n                                <a href=\"https:\/\/www.szenik.eu\/de\/osterfestspiele-baden-baden-jubel-und-standing-ovations-neuausrichtung-voll-aufgegangen-77609\">\n                                    <img class=\"post-background\" src=\"https:\/\/www.szenik.eu\/wp-content\/uploads\/2026\/04\/20260328_Lohengrin_Schlussapplaus_cMichaelGregonowits-scaled.jpg\" alt=\"Osterfestspiele Baden-Baden: &lt;strong&gt;Jubel und Standing Ovations \u2013 Neuausrichtung voll aufgegangen&lt;\/strong&gt;\">\n                                    <div class=\"post-info\">\n                                                                                    <span class=\"category\" style=\"color: #fff\">\n                                                                                                Magazin                                            <\/span>\n                                                                                                                            <h3>Osterfestspiele Baden-Baden: <strong>Jubel und Standing Ovations \u2013 Neuausrichtung voll aufgegangen<\/strong><\/h3>\n                                                                                                                                <div class=\"excerpt\">Die Osterfestspiele Baden-Baden haben ihren neuen Kurs eindrucksvoll best\u00e4tigt. \u00dcber 18.000 Besucherinnen und Besucher erlebten ein Festival, das Ma\u00dfst\u00e4be setzte \u2013 und das Publikum reagierte: mit Begeisterung, mit Standing Ovations, mit einem J...<\/div>\n                                                                            <\/div>\n                                <\/a>\n                            <\/li>\n                                                    <li data-post-id=\"77589\" class=\"post--post\">\n                                <a href=\"https:\/\/www.szenik.eu\/de\/konferenz-dritteorte-im-theater-basel-neue-raeume-fuer-zusammenhalt-77589\">\n                                    <img class=\"post-background\" src=\"https:\/\/www.szenik.eu\/wp-content\/uploads\/2026\/04\/Foyer_Public_Ingo_Hoehn_02-scaled.jpg\" alt=\"Konferenz Dritte Orte im Theater Basel \u2013 Neue R\u00e4ume f\u00fcr Zusammenhalt\">\n                                    <div class=\"post-info\">\n                                                                                    <span class=\"category\" style=\"color: #fff\">\n                                                                                                Magazin                                            <\/span>\n                                                                                                                            <h3>Konferenz Dritte Orte im Theater Basel \u2013 Neue R\u00e4ume f\u00fcr Zusammenhalt<\/h3>\n                                                                                                                                <div class=\"excerpt\">Die Fachkonferenz \u2039Dritte Orte\u203a ist die erste Schweizer Tagung, die sich umfassend mit diesem Konzept befasst. Als R\u00e4ume zwischen Zuhause und Arbeitsplatz werden Dritte Orte zunehmend zu einem zentralen Modell f\u00fcr den Kulturbetrieb. Mit der Kon...<\/div>\n                                                                            <\/div>\n                                <\/a>\n                            <\/li>\n                                                <li class=\"placeholder\"><\/li>\n                    <\/ul>\n                <\/div>\n                                    <ul class=\"slider__ticks\">\n                                                    <li class=\"tick goto\"><\/li>\n                                                    <li class=\"tick goto\"><\/li>\n                                                    <li class=\"tick goto\"><\/li>\n                                                    <li class=\"tick goto\"><\/li>\n                                                    <li class=\"tick goto\"><\/li>\n                                                    <li class=\"tick goto\"><\/li>\n                                            <\/ul>\n                            <\/div>\n            \n                                    <div class=\"align-right\">\n                        <a class=\"une-button\" href=\"https:\/\/www.szenik.eu\/de\/category\/magazin\">MEHR LESEN<\/a>\n                    <\/div>\n                            <\/div>\n                            <script type=\"text\/javascript\">\n                    Array.prototype.forEach.call(document.getElementsByClassName('before-sidebar'), function(d) {\n                        var container = document.getElementsByClassName('jeg_singlepage')[0].getElementsByClassName('container')[0];\n                        container.insertBefore(d, container.firstChild)\n                    });\n                <\/script>\n            \n\n\n            <div class=\"une-widget une-widget--szenik-une-youtube\">\n                                    <h2>Ein packendes Musikdrama: \u201eDialogues des Carm\u00e9lites\u201c an der Staatsoper Stuttgart<\/h2>\n                \n                            <div class=\"une-youtube\" data-status=\"waiting\">\n                <div class=\"une-youtube__thumbnail\">\n                    <img src=\"https:\/\/www.szenik.eu\/wp-content\/uploads\/2026\/03\/64130_stu_diadecarm_hpk0657-scaled-e1774615246329.jpg\"\n                            alt=\"Ein packendes Musikdrama: \u201eDialogues des Carm\u00e9lites\u201c an der Staatsoper Stuttgart\">\n                                    <\/div>\n                <div class=\"une-youtube__wrapper\">\n                    <div class=\"une-youtube__player\" data-youtube-id=\"E_w3RKB6FRc?si=mMCVvMcQiwyLt5aD\"><\/div>\n                <\/div>\n            <\/div>\n            \n                                    <div class=\"align-right\">\n                        <a class=\"une-button\" href=\"https:\/\/youtu.be\/E_w3RKB6FRc?si=mMCVvMcQiwyLt5aD\" target=\"_blank\">Trailer ansehen<\/a>\n                    <\/div>\n                            <\/div>\n            \n\n\n            <div class=\"une-widget une-widget--szenik-une-ads\">\n                \n                                <a href=\"https:\/\/www.poly.fr\/de\/abonnieren\/\" target=\"_blank\">\n                    <img src=\"https:\/\/www.szenik.eu\/wp-content\/uploads\/2026\/03\/Banniere-horizontale_728x180px.gif\"\n                            alt=\"Publicit\u00e9\">\n                <\/a>\n            \n                            <\/div>\n            \n\n\n            <div class=\"une-widget une-widget--szenik-une-slider\">\n                                    <h2>Theater im Mai<\/h2>\n                \n                            <div class=\"szenik-slider-wrap https:\/\/www.szenik.eu\/de\/event-categories\/theater no-titles\">\n                                    <div class=\"arrow arrow--left prev\">\n                        <i class=\"fa fa-caret-left\" aria-hidden=\"true\"><\/i>\n                    <\/div>\n                    <div class=\"arrow arrow--right next\">\n                        <i class=\"fa fa-caret-right\" aria-hidden=\"true\"><\/i>\n                    <\/div>\n                                <div class=\"szenik-slider\" data-running=\"auto\">\n                    <ul class=\"slider__thumbnails\">\n                                                    <li data-post-id=\"76471\" class=\"post--event\">\n                                <a href=\"https:\/\/www.szenik.eu\/de\/event\/richard-iii\">\n                                    <img class=\"post-background\" src=\"https:\/\/www.szenik.eu\/wp-content\/uploads\/2026\/01\/Vorabfoto_Richard_Hoerr.webp\" alt=\"Richard III.\">\n                                    <div class=\"post-info\">\n                                                                                    <span class=\"category\" style=\"color: #cb9dc3\">\n                                                                                                    <img src=\"https:\/\/www.szenik.eu\/wp-content\/plugins\/szenik-une\/images\/szenik-slider.svg\" alt=\"szenik\">\n                                                                                                Theater                                            <\/span>\n                                                                                            <br>\n                                                                                                                            <h3>Richard III.<\/h3>\n                                                                                        <div class=\"subtitle\">von William Shakespeare | Aus dem Englischen von Marius von Mayenburg  <\/div>\n                                                                                        <div class=\"date\">\n                                                <i class=\"date__icon fa fa-clock-o\"><\/i>\n                                                <span class=\"date__content\">\n                                                                                                                                            16\/05\/2026            \n                                                <br>                    19h30                                                                                                                                <\/span>\n                                            <\/div>\n                                            <div class=\"location\">\n                                                <i class=\"location__icon fa fa-search\"><\/i>\n                                                <span class=\"location__content\">\n                                                                                                            Alte Feuerwache                                                                                                                    <br>\n                                                            <span class=\"location__content__city\">\n                                                                Saarbr\u00fccken                                                            <\/span>\n                                                                                                                                                            <\/span>\n                                            <\/div>\n                                                                            <\/div>\n                                <\/a>\n                            <\/li>\n                                                    <li data-post-id=\"76878\" class=\"post--event\">\n                                <a href=\"https:\/\/www.szenik.eu\/de\/event\/leonce-und-lena-4\">\n                                    <img class=\"post-background\" src=\"https:\/\/www.szenik.eu\/wp-content\/uploads\/2026\/02\/GPLeonceundLena153.webp\" alt=\"Leonce und Lena\">\n                                    <div class=\"post-info\">\n                                                                                    <span class=\"category\" style=\"color: #7aa8ad\">\n                                                                                                    <img src=\"https:\/\/www.szenik.eu\/wp-content\/plugins\/szenik-une\/images\/szenik-slider.svg\" alt=\"szenik\">\n                                                                                                Oper                                            <\/span>\n                                                                                            <br>\n                                                                                                                            <h3>Leonce und Lena<\/h3>\n                                                                                        <div class=\"subtitle\">Lustspiel von Georg B\u00fcchner mit Musik von Herbert Gr\u00f6nemeyer | Liedtexte von Herbert Gr\u00f6nemeyer und Arezu Weitholz | \u00dcbernahme vom MiR Puppentheater Gelsenkirchen<\/div>\n                                                                                        <div class=\"date\">\n                                                <i class=\"date__icon fa fa-clock-o\"><\/i>\n                                                <span class=\"date__content\">\n                                                                                                                                            09\/05\/2026            \n                                                <br>                    19h30                                                                                                                                <\/span>\n                                            <\/div>\n                                            <div class=\"location\">\n                                                <i class=\"location__icon fa fa-search\"><\/i>\n                                                <span class=\"location__content\">\n                                                                                                            Alte Feuerwache                                                                                                                    <br>\n                                                            <span class=\"location__content__city\">\n                                                                Saarbr\u00fccken                                                            <\/span>\n                                                                                                                                                            <\/span>\n                                            <\/div>\n                                                                            <\/div>\n                                <\/a>\n                            <\/li>\n                                                    <li data-post-id=\"77649\" class=\"post--event\">\n                                <a href=\"https:\/\/www.szenik.eu\/de\/event\/der-seltsame-fall-des-dr-jekyll-mr-hyde\">\n                                    <img class=\"post-background\" src=\"https:\/\/www.szenik.eu\/wp-content\/uploads\/2026\/04\/Dr-Jekyll-und-Mr-Hyde_c-MediaBuhne.jpg\" alt=\"Der seltsame Fall des Dr. Jekyll &#038; Mr. Hyde\">\n                                    <div class=\"post-info\">\n                                                                                    <span class=\"category\" style=\"color: #cb9dc3\">\n                                                                                                    <img src=\"https:\/\/www.szenik.eu\/wp-content\/plugins\/szenik-une\/images\/szenik-slider.svg\" alt=\"szenik\">\n                                                                                                Theater                                            <\/span>\n                                                                                            <br>\n                                                                                                                            <h3>Der seltsame Fall des Dr. Jekyll &#038; Mr. Hyde<\/h3>\n                                                                                        <div class=\"subtitle\">Ein au\u00dfergew\u00f6hnliches multimediales Theatererlebnis in einer Bearbeitung nach Robert Louis Stevenson<\/div>\n                                                                                        <div class=\"date\">\n                                                <i class=\"date__icon fa fa-clock-o\"><\/i>\n                                                <span class=\"date__content\">\n                                                                                                                                            09\/05\/2026            \n                                                <br>                    20h00                                                                                                                                <\/span>\n                                            <\/div>\n                                            <div class=\"location\">\n                                                <i class=\"location__icon fa fa-search\"><\/i>\n                                                <span class=\"location__content\">\n                                                                                                            Parktheater                                                                                                                    <br>\n                                                            <span class=\"location__content__city\">\n                                                                Lahr                                                            <\/span>\n                                                                                                                                                            <\/span>\n                                            <\/div>\n                                                                            <\/div>\n                                <\/a>\n                            <\/li>\n                                                    <li data-post-id=\"77623\" class=\"post--event\">\n                                <a href=\"https:\/\/www.szenik.eu\/de\/event\/performing-democracy-2\">\n                                    <img class=\"post-background\" src=\"https:\/\/www.szenik.eu\/wp-content\/uploads\/2026\/04\/Die-Bewegung-evtl-Zusatz_Foto-Britt-Schilling-scaled.jpg\" alt=\"PERFORMING DEMOCRACY\">\n                                    <div class=\"post-info\">\n                                                                                    <span class=\"category\" style=\"color: #35bacc\">\n                                                                                                    <img src=\"https:\/\/www.szenik.eu\/wp-content\/plugins\/szenik-une\/images\/szenik-slider.svg\" alt=\"szenik\">\n                                                                                                Festivals                                            <\/span>\n                                                                                            <br>\n                                                                                                                            <h3>PERFORMING DEMOCRACY<\/h3>\n                                                                                        <div class=\"subtitle\">Festival f\u00fcr Tanz, Theater und Musik <\/div>\n                                                                                        <div class=\"date\">\n                                                <i class=\"date__icon fa fa-clock-o\"><\/i>\n                                                <span class=\"date__content\">\n                                                                                                                                            06\/05\/2026                -                13\/05\/2026            \n                                                                                                                <\/span>\n                                            <\/div>\n                                            <div class=\"location\">\n                                                <i class=\"location__icon fa fa-search\"><\/i>\n                                                <span class=\"location__content\">\n                                                                                                            Theater Freiburg                                                                                                                    <br>\n                                                            <span class=\"location__content__city\">\n                                                                Freiburg                                                            <\/span>\n                                                                                                                                                            <\/span>\n                                            <\/div>\n                                                                            <\/div>\n                                <\/a>\n                            <\/li>\n                                                    <li data-post-id=\"72943\" class=\"post--event\">\n                                <a href=\"https:\/\/www.szenik.eu\/de\/event\/kasimir-und-karoline\">\n                                    <img class=\"post-background\" src=\"https:\/\/www.szenik.eu\/wp-content\/uploads\/2025\/04\/Photo_pretexte-szenik.jpg\" alt=\"Kasimir und Karoline\">\n                                    <div class=\"post-info\">\n                                                                                    <span class=\"category\" style=\"color: #cb9dc3\">\n                                                                                                    <img src=\"https:\/\/www.szenik.eu\/wp-content\/plugins\/szenik-une\/images\/szenik-slider.svg\" alt=\"szenik\">\n                                                                                                Theater                                            <\/span>\n                                                                                            <br>\n                                                                                                                            <h3>Kasimir und Karoline<\/h3>\n                                                                                        <div class=\"subtitle\">Von \u00d6d\u00f6n von Horv\u00e0th <\/div>\n                                                                                        <div class=\"date\">\n                                                <i class=\"date__icon fa fa-clock-o\"><\/i>\n                                                <span class=\"date__content\">\n                                                                                                                                            03\/05\/2026            \n                                                <br>                    16h00                                                                                                                                <\/span>\n                                            <\/div>\n                                            <div class=\"location\">\n                                                <i class=\"location__icon fa fa-search\"><\/i>\n                                                <span class=\"location__content\">\n                                                                                                            Theater Basel                                                                                                                    <br>\n                                                            <span class=\"location__content__city\">\n                                                                Basel                                                            <\/span>\n                                                                                                                                                            <\/span>\n                                            <\/div>\n                                                                            <\/div>\n                                <\/a>\n                            <\/li>\n                                                    <li data-post-id=\"76467\" class=\"post--event\">\n                                <a href=\"https:\/\/www.szenik.eu\/de\/event\/napoleon\">\n                                    <img class=\"post-background\" src=\"https:\/\/www.szenik.eu\/wp-content\/uploads\/2026\/01\/Napoleon_Vorabankuendigung.webp\" alt=\"Napoleon\">\n                                    <div class=\"post-info\">\n                                                                                    <span class=\"category\" style=\"color: #cb9dc3\">\n                                                                                                    <img src=\"https:\/\/www.szenik.eu\/wp-content\/plugins\/szenik-une\/images\/szenik-slider.svg\" alt=\"szenik\">\n                                                                                                Theater                                            <\/span>\n                                                                                            <br>\n                                                                                                                            <h3>Napoleon<\/h3>\n                                                                                        <div class=\"subtitle\">Auftragswerk von Armin Petras nach Motiven von Carl Hauptmann, Ferdinand Bruckner, Abel Gance<\/div>\n                                                                                        <div class=\"date\">\n                                                <i class=\"date__icon fa fa-clock-o\"><\/i>\n                                                <span class=\"date__content\">\n                                                                                                                                            09\/05\/2026            \n                                                <br>                    19h30                                                                                                                                <\/span>\n                                            <\/div>\n                                            <div class=\"location\">\n                                                <i class=\"location__icon fa fa-search\"><\/i>\n                                                <span class=\"location__content\">\n                                                                                                            Saarl\u00e4ndisches Staatstheater                                                                                                                    <br>\n                                                            <span class=\"location__content__city\">\n                                                                Saarbr\u00fccken                                                            <\/span>\n                                                                                                                                                            <\/span>\n                                            <\/div>\n                                                                            <\/div>\n                                <\/a>\n                            <\/li>\n                                                <li class=\"placeholder\"><\/li>\n                    <\/ul>\n                <\/div>\n                                    <ul class=\"slider__ticks\">\n                                                    <li class=\"tick goto\"><\/li>\n                                                    <li class=\"tick goto\"><\/li>\n                                                    <li class=\"tick goto\"><\/li>\n                                                    <li class=\"tick goto\"><\/li>\n                                                    <li class=\"tick goto\"><\/li>\n                                                    <li class=\"tick goto\"><\/li>\n                                            <\/ul>\n                            <\/div>\n            \n                                    <div class=\"align-right\">\n                        <a class=\"une-button\" href=\"https:\/\/www.szenik.eu\/de\/event-categories\/theater\">Zur Auswahl<\/a>\n                    <\/div>\n                            <\/div>\n            \n\n\n            <div class=\"une-widget une-widget--szenik-une-image-iframe\">\n                                    <h2>Schoog im Dialog mit Cordula Stratmann<\/h2>\n                \n                                <a href=\"https:\/\/www.szenik.eu\/de\/schoog-im-dialog-mit-cordula-stratmann-77631\" target=\"_blank\">\n                    <img src=\"https:\/\/www.szenik.eu\/wp-content\/uploads\/2026\/04\/Foto-Stratmann-c-Boris-Breuer-scaled-e1775823695404.jpg\"\n                            alt=\"Schoog im Dialog mit Cordula Stratmann\">\n                <\/a>\n            \n                                    <div class=\"align-right\">\n                        <a class=\"une-button\" href=\"https:\/\/www.szenik.eu\/de\/schoog-im-dialog-mit-cordula-stratmann-77631\">Mehr erfahren<\/a>\n                    <\/div>\n                            <\/div>\n            \n\n\n            <div class=\"une-widget une-widget--szenik-une-slider\">\n                                    <h2>Oper im Mai<\/h2>\n                \n                            <div class=\"szenik-slider-wrap https:\/\/www.szenik.eu\/de\/event-categories\/oper no-titles\">\n                                    <div class=\"arrow arrow--left prev\">\n                        <i class=\"fa fa-caret-left\" aria-hidden=\"true\"><\/i>\n                    <\/div>\n                    <div class=\"arrow arrow--right next\">\n                        <i class=\"fa fa-caret-right\" aria-hidden=\"true\"><\/i>\n                    <\/div>\n                                <div class=\"szenik-slider\" data-running=\"auto\">\n                    <ul class=\"slider__thumbnails\">\n                                                    <li data-post-id=\"76596\" class=\"post--event\">\n                                <a href=\"https:\/\/www.szenik.eu\/de\/event\/dialogues-des-carmelites-3\">\n                                    <img class=\"post-background\" src=\"https:\/\/www.szenik.eu\/wp-content\/uploads\/2026\/01\/margot3.webp\" alt=\"Dialogues des Carm\u00e9lites\">\n                                    <div class=\"post-info\">\n                                                                                    <span class=\"category\" style=\"color: #7aa8ad\">\n                                                                                                    <img src=\"https:\/\/www.szenik.eu\/wp-content\/plugins\/szenik-une\/images\/szenik-slider.svg\" alt=\"szenik\">\n                                                                                                Oper                                            <\/span>\n                                                                                            <br>\n                                                                                                                            <h3>Dialogues des Carm\u00e9lites<\/h3>\n                                                                                        <div class=\"subtitle\">Gespr\u00e4che der Karmelitinnen Oper in drei Akten von Francis Poulenc | Text vom Komponisten nach Georges Bernanos | In franz\u00f6sischer Sprache mit deutschen und franz\u00f6sischen \u00dcbertiteln<\/div>\n                                                                                        <div class=\"date\">\n                                                <i class=\"date__icon fa fa-clock-o\"><\/i>\n                                                <span class=\"date__content\">\n                                                                                                                                            30\/04\/2026            \n                                                <br>                    19h30                                                                                                                                <\/span>\n                                            <\/div>\n                                            <div class=\"location\">\n                                                <i class=\"location__icon fa fa-search\"><\/i>\n                                                <span class=\"location__content\">\n                                                                                                            Saarl\u00e4ndisches Staatstheater                                                                                                                    <br>\n                                                            <span class=\"location__content__city\">\n                                                                Saarbr\u00fccken                                                            <\/span>\n                                                                                                                                                            <\/span>\n                                            <\/div>\n                                                                            <\/div>\n                                <\/a>\n                            <\/li>\n                                                    <li data-post-id=\"77578\" class=\"post--event\">\n                                <a href=\"https:\/\/www.szenik.eu\/de\/event\/koenigskinder\">\n                                    <img class=\"post-background\" src=\"https:\/\/www.szenik.eu\/wp-content\/uploads\/2026\/04\/Theater-Trier_Konigskinder_Prob-e_Foto-\u00a9-Theater-Trier-32-scaled.jpg\" alt=\"K\u00f6nigskinder\">\n                                    <div class=\"post-info\">\n                                                                                    <span class=\"category\" style=\"color: #7aa8ad\">\n                                                                                                    <img src=\"https:\/\/www.szenik.eu\/wp-content\/plugins\/szenik-une\/images\/szenik-slider.svg\" alt=\"szenik\">\n                                                                                                Oper                                            <\/span>\n                                                                                            <br>\n                                                                                                                            <h3>K\u00f6nigskinder<\/h3>\n                                                                                        <div class=\"subtitle\">OPER VON ENGELBERT HUMPERDINCK LIBRETTO VON ELSA BERNSTEIN<\/div>\n                                                                                        <div class=\"date\">\n                                                <i class=\"date__icon fa fa-clock-o\"><\/i>\n                                                <span class=\"date__content\">\n                                                                                                                                            03\/05\/2026            \n                                                <br>                    18h00                                                                                                                                <\/span>\n                                            <\/div>\n                                            <div class=\"location\">\n                                                <i class=\"location__icon fa fa-search\"><\/i>\n                                                <span class=\"location__content\">\n                                                                                                            Theater Trier                                                                                                                    <br>\n                                                            <span class=\"location__content__city\">\n                                                                Trier                                                            <\/span>\n                                                                                                                                                            <\/span>\n                                            <\/div>\n                                                                            <\/div>\n                                <\/a>\n                            <\/li>\n                                                    <li data-post-id=\"75428\" class=\"post--event\">\n                                <a href=\"https:\/\/www.szenik.eu\/de\/event\/la-cenerentola-2\">\n                                    <img class=\"post-background\" src=\"https:\/\/www.szenik.eu\/wp-content\/uploads\/2025\/11\/sig6075.jpg\" alt=\"La Cenerentola &#8211; Aschenputtel\">\n                                    <div class=\"post-info\">\n                                                                                    <span class=\"category\" style=\"color: #7aa8ad\">\n                                                                                                    <img src=\"https:\/\/www.szenik.eu\/wp-content\/plugins\/szenik-une\/images\/szenik-slider.svg\" alt=\"szenik\">\n                                                                                                Oper                                            <\/span>\n                                                                                            <br>\n                                                                                                                            <h3>La Cenerentola &#8211; Aschenputtel<\/h3>\n                                                                                        <div class=\"subtitle\">von Gioachino Rossini <\/div>\n                                                                                        <div class=\"date\">\n                                                <i class=\"date__icon fa fa-clock-o\"><\/i>\n                                                <span class=\"date__content\">\n                                                                                                                                            04\/05\/2026            \n                                                <br>                    19h00                                                                                                                                <\/span>\n                                            <\/div>\n                                            <div class=\"location\">\n                                                <i class=\"location__icon fa fa-search\"><\/i>\n                                                <span class=\"location__content\">\n                                                                                                            Staatsoper Stuttgart                                                                                                                    <br>\n                                                            <span class=\"location__content__city\">\n                                                                Stuttgart                                                            <\/span>\n                                                                                                                                                            <\/span>\n                                            <\/div>\n                                                                            <\/div>\n                                <\/a>\n                            <\/li>\n                                                    <li data-post-id=\"73690\" class=\"post--event\">\n                                <a href=\"https:\/\/www.szenik.eu\/de\/event\/don-quijote-4\">\n                                    <img class=\"post-background\" src=\"https:\/\/www.szenik.eu\/wp-content\/uploads\/2024\/12\/OPERA-scaled.jpg\" alt=\"Don Quijote\">\n                                    <div class=\"post-info\">\n                                                                                    <span class=\"category\" style=\"color: #7aa8ad\">\n                                                                                                    <img src=\"https:\/\/www.szenik.eu\/wp-content\/plugins\/szenik-une\/images\/szenik-slider.svg\" alt=\"szenik\">\n                                                                                                Oper                                            <\/span>\n                                                                                            <br>\n                                                                                                                            <h3>Don Quijote<\/h3>\n                                                                                        <div class=\"subtitle\">Opern-Pasticcio<\/div>\n                                                                                        <div class=\"date\">\n                                                <i class=\"date__icon fa fa-clock-o\"><\/i>\n                                                <span class=\"date__content\">\n                                                                                                                                            14\/05\/2026            \n                                                                    18h30                                        21h30                                                                                                                                <\/span>\n                                            <\/div>\n                                            <div class=\"location\">\n                                                <i class=\"location__icon fa fa-search\"><\/i>\n                                                <span class=\"location__content\">\n                                                                                                            Theater Basel                                                                                                                    <br>\n                                                            <span class=\"location__content__city\">\n                                                                Basel                                                            <\/span>\n                                                                                                                                                            <\/span>\n                                            <\/div>\n                                                                            <\/div>\n                                <\/a>\n                            <\/li>\n                                                    <li data-post-id=\"73656\" class=\"post--event\">\n                                <a href=\"https:\/\/www.szenik.eu\/de\/event\/rigoletto-4\">\n                                    <img class=\"post-background\" src=\"https:\/\/www.szenik.eu\/wp-content\/uploads\/2025\/06\/Capture-decran-2025-10-27-a-11.37.00.png\" alt=\"Rigoletto\">\n                                    <div class=\"post-info\">\n                                                                                    <span class=\"category\" style=\"color: #7aa8ad\">\n                                                                                                    <img src=\"https:\/\/www.szenik.eu\/wp-content\/plugins\/szenik-une\/images\/szenik-slider.svg\" alt=\"szenik\">\n                                                                                                Oper                                            <\/span>\n                                                                                            <br>\n                                                                                                                            <h3>Rigoletto<\/h3>\n                                                                                        <div class=\"subtitle\">Tanz-Performance von Alexander Vantournhout \/ Not Standing<\/div>\n                                                                                        <div class=\"date\">\n                                                <i class=\"date__icon fa fa-clock-o\"><\/i>\n                                                <span class=\"date__content\">\n                                                                                                                                            16\/05\/2026            \n                                                <br>                    19h30                                                                                                                                <\/span>\n                                            <\/div>\n                                            <div class=\"location\">\n                                                <i class=\"location__icon fa fa-search\"><\/i>\n                                                <span class=\"location__content\">\n                                                                                                            Theater Freiburg                                                                                                                    <br>\n                                                            <span class=\"location__content__city\">\n                                                                Freiburg                                                            <\/span>\n                                                                                                                                                            <\/span>\n                                            <\/div>\n                                                                            <\/div>\n                                <\/a>\n                            <\/li>\n                                                    <li data-post-id=\"77775\" class=\"post--event\">\n                                <a href=\"https:\/\/www.szenik.eu\/de\/event\/a-midsummer-nights-dream\">\n                                    <img class=\"post-background\" src=\"https:\/\/www.szenik.eu\/wp-content\/uploads\/2026\/04\/bsk_2025_26_digitale-formate_a-midsummer-nights-dream_stueckseite_682ef51457edc3.98316261.jpg\" alt=\"A Midsummer Night\u2019s Dream\">\n                                    <div class=\"post-info\">\n                                                                                    <span class=\"category\" style=\"color: #7aa8ad\">\n                                                                                                    <img src=\"https:\/\/www.szenik.eu\/wp-content\/plugins\/szenik-une\/images\/szenik-slider.svg\" alt=\"szenik\">\n                                                                                                Oper                                            <\/span>\n                                                                                            <br>\n                                                                                                                            <h3>A Midsummer Night\u2019s Dream<\/h3>\n                                                                                        <div class=\"subtitle\">  Oper in drei Akten von Benjamin Britten<\/div>\n                                                                                        <div class=\"date\">\n                                                <i class=\"date__icon fa fa-clock-o\"><\/i>\n                                                <span class=\"date__content\">\n                                                                                                                                            11\/05\/2026            \n                                                <br>                    18h00                                                                                                                                <\/span>\n                                            <\/div>\n                                            <div class=\"location\">\n                                                <i class=\"location__icon fa fa-search\"><\/i>\n                                                <span class=\"location__content\">\n                                                                                                            Badisches Staatstheater                                                                                                                    <br>\n                                                            <span class=\"location__content__city\">\n                                                                Karlsruhe                                                            <\/span>\n                                                                                                                                                            <\/span>\n                                            <\/div>\n                                                                            <\/div>\n                                <\/a>\n                            <\/li>\n                                                <li class=\"placeholder\"><\/li>\n                    <\/ul>\n                <\/div>\n                                    <ul class=\"slider__ticks\">\n                                                    <li class=\"tick goto\"><\/li>\n                                                    <li class=\"tick goto\"><\/li>\n                                                    <li class=\"tick goto\"><\/li>\n                                                    <li class=\"tick goto\"><\/li>\n                                                    <li class=\"tick goto\"><\/li>\n                                                    <li class=\"tick goto\"><\/li>\n                                            <\/ul>\n                            <\/div>\n            \n                                    <div class=\"align-right\">\n                        <a class=\"une-button\" href=\"https:\/\/www.szenik.eu\/de\/event-categories\/oper\">Zur Auswahl<\/a>\n                    <\/div>\n                            <\/div>\n            \n\n\n            <div class=\"une-widget une-widget--szenik-une-image-iframe\">\n                                    <h2> Stijn Celis bleibt f\u00fcr vier weitere Jahre Direktor des Saarl\u00e4ndischen Staatsballetts<\/h2>\n                \n                                <a href=\"https:\/\/www.szenik.eu\/de\/stijn-celis-bleibt-fur-vier-weitere-jahre-direktor-des-saarlandischen-staatsballetts-77078\" target=\"_blank\">\n                    <img src=\"https:\/\/www.szenik.eu\/wp-content\/uploads\/2026\/03\/Stijn-Celis_Portrait_cHonkphoto-1-scaled-e1772629303698.jpg\"\n                            alt=\" Stijn Celis bleibt f\u00fcr vier weitere Jahre Direktor des Saarl\u00e4ndischen Staatsballetts\">\n                <\/a>\n            \n                                    <div class=\"align-right\">\n                        <a class=\"une-button\" href=\"https:\/\/www.szenik.eu\/de\/stijn-celis-bleibt-fur-vier-weitere-jahre-direktor-des-saarlandischen-staatsballetts-77078n-basel-und-genf-76671\">Mehr lesen<\/a>\n                    <\/div>\n                            <\/div>\n            \n\n\n            <div class=\"une-widget une-widget--szenik-une-slider\">\n                                    <h2>Tanz im Mai<\/h2>\n                \n                            <div class=\"szenik-slider-wrap https:\/\/www.szenik.eu\/de\/event-categories\/tanz no-titles\">\n                                    <div class=\"arrow arrow--left prev\">\n                        <i class=\"fa fa-caret-left\" aria-hidden=\"true\"><\/i>\n                    <\/div>\n                    <div class=\"arrow arrow--right next\">\n                        <i class=\"fa fa-caret-right\" aria-hidden=\"true\"><\/i>\n                    <\/div>\n                                <div class=\"szenik-slider\" data-running=\"auto\">\n                    <ul class=\"slider__thumbnails\">\n                                                    <li data-post-id=\"77752\" class=\"post--event\">\n                                <a href=\"https:\/\/www.szenik.eu\/de\/event\/dracula-2\">\n                                    <img class=\"post-background\" src=\"https:\/\/www.szenik.eu\/wp-content\/uploads\/2026\/04\/admill-kuyler-karlsruhe-dracula-16.04.2026-240_69e28ecc00fb44.32359060-scaled.jpg\" alt=\"Dracula\">\n                                    <div class=\"post-info\">\n                                                                                    <span class=\"category\" style=\"color: #9eca3c\">\n                                                                                                    <img src=\"https:\/\/www.szenik.eu\/wp-content\/plugins\/szenik-une\/images\/szenik-slider.svg\" alt=\"szenik\">\n                                                                                                Tanz                                            <\/span>\n                                                                                            <br>\n                                                                                                                            <h3>Dracula<\/h3>\n                                                                                        <div class=\"subtitle\">Ballett von Kenneth Tindall<\/div>\n                                                                                        <div class=\"date\">\n                                                <i class=\"date__icon fa fa-clock-o\"><\/i>\n                                                <span class=\"date__content\">\n                                                                                                                                            02\/05\/2026            \n                                                <br>                    19h00                                                                                                                                <\/span>\n                                            <\/div>\n                                            <div class=\"location\">\n                                                <i class=\"location__icon fa fa-search\"><\/i>\n                                                <span class=\"location__content\">\n                                                                                                            Badisches Staatstheater                                                                                                                    <br>\n                                                            <span class=\"location__content__city\">\n                                                                Karlsruhe                                                            <\/span>\n                                                                                                                                                            <\/span>\n                                            <\/div>\n                                                                            <\/div>\n                                <\/a>\n                            <\/li>\n                                                    <li data-post-id=\"76738\" class=\"post--event\">\n                                <a href=\"https:\/\/www.szenik.eu\/de\/event\/tribute-to-tetley\">\n                                    <img class=\"post-background\" src=\"https:\/\/www.szenik.eu\/wp-content\/uploads\/2026\/02\/60969_tribute_to_tetley_quer_elisa_badenes_mart_paix_c_roman_novitzky_stuttgarter_ballett-scaled-e1770127849441.jpg\" alt=\"Tribute to Tetley\">\n                                    <div class=\"post-info\">\n                                                                                    <span class=\"category\" style=\"color: #9eca3c\">\n                                                                                                    <img src=\"https:\/\/www.szenik.eu\/wp-content\/plugins\/szenik-une\/images\/szenik-slider.svg\" alt=\"szenik\">\n                                                                                                Tanz                                            <\/span>\n                                                                                            <br>\n                                                                                                                            <h3>Tribute to Tetley<\/h3>\n                                                                                    <div class=\"date\">\n                                                <i class=\"date__icon fa fa-clock-o\"><\/i>\n                                                <span class=\"date__content\">\n                                                                                                                                            02\/05\/2026            \n                                                <br>                    19h00                                                                                                                                <\/span>\n                                            <\/div>\n                                            <div class=\"location\">\n                                                <i class=\"location__icon fa fa-search\"><\/i>\n                                                <span class=\"location__content\">\n                                                                                                            Opernhaus Stuttgart                                                                                                                    <br>\n                                                            <span class=\"location__content__city\">\n                                                                Stuttgart                                                            <\/span>\n                                                                                                                                                            <\/span>\n                                            <\/div>\n                                                                            <\/div>\n                                <\/a>\n                            <\/li>\n                                                    <li data-post-id=\"77623\" class=\"post--event\">\n                                <a href=\"https:\/\/www.szenik.eu\/de\/event\/performing-democracy-2\">\n                                    <img class=\"post-background\" src=\"https:\/\/www.szenik.eu\/wp-content\/uploads\/2026\/04\/Die-Bewegung-evtl-Zusatz_Foto-Britt-Schilling-scaled.jpg\" alt=\"PERFORMING DEMOCRACY\">\n                                    <div class=\"post-info\">\n                                                                                    <span class=\"category\" style=\"color: #35bacc\">\n                                                                                                    <img src=\"https:\/\/www.szenik.eu\/wp-content\/plugins\/szenik-une\/images\/szenik-slider.svg\" alt=\"szenik\">\n                                                                                                Festivals                                            <\/span>\n                                                                                            <br>\n                                                                                                                            <h3>PERFORMING DEMOCRACY<\/h3>\n                                                                                        <div class=\"subtitle\">Festival f\u00fcr Tanz, Theater und Musik <\/div>\n                                                                                        <div class=\"date\">\n                                                <i class=\"date__icon fa fa-clock-o\"><\/i>\n                                                <span class=\"date__content\">\n                                                                                                                                            06\/05\/2026                -                13\/05\/2026            \n                                                                                                                <\/span>\n                                            <\/div>\n                                            <div class=\"location\">\n                                                <i class=\"location__icon fa fa-search\"><\/i>\n                                                <span class=\"location__content\">\n                                                                                                            Theater Freiburg                                                                                                                    <br>\n                                                            <span class=\"location__content__city\">\n                                                                Freiburg                                                            <\/span>\n                                                                                                                                                            <\/span>\n                                            <\/div>\n                                                                            <\/div>\n                                <\/a>\n                            <\/li>\n                                                    <li data-post-id=\"73301\" class=\"post--event\">\n                                <a href=\"https:\/\/www.szenik.eu\/de\/event\/combat-des-lianes\">\n                                    <img class=\"post-background\" src=\"https:\/\/www.szenik.eu\/wp-content\/uploads\/2025\/05\/Capture-decran-2025-11-03-a-15.08.30.png\" alt=\"Combat des lianes\">\n                                    <div class=\"post-info\">\n                                                                                    <span class=\"category\" style=\"color: #9eca3c\">\n                                                                                                    <img src=\"https:\/\/www.szenik.eu\/wp-content\/plugins\/szenik-une\/images\/szenik-slider.svg\" alt=\"szenik\">\n                                                                                                Tanz                                            <\/span>\n                                                                                            <br>\n                                                                                                                            <h3>Combat des lianes<\/h3>\n                                                                                        <div class=\"subtitle\">Tanz-Performance von Zora Snake<\/div>\n                                                                                        <div class=\"date\">\n                                                <i class=\"date__icon fa fa-clock-o\"><\/i>\n                                                <span class=\"date__content\">\n                                                                                                                                            22\/05\/2026            \n                                                                                                                <\/span>\n                                            <\/div>\n                                            <div class=\"location\">\n                                                <i class=\"location__icon fa fa-search\"><\/i>\n                                                <span class=\"location__content\">\n                                                                                                            Theater Freiburg                                                                                                                    <br>\n                                                            <span class=\"location__content__city\">\n                                                                Freiburg                                                            <\/span>\n                                                                                                                                                            <\/span>\n                                            <\/div>\n                                                                            <\/div>\n                                <\/a>\n                            <\/li>\n                                                    <li data-post-id=\"76741\" class=\"post--event\">\n                                <a href=\"https:\/\/www.szenik.eu\/de\/event\/dornroeschen-5\">\n                                    <img class=\"post-background\" src=\"https:\/\/www.szenik.eu\/wp-content\/uploads\/2026\/02\/60970_dornroeschen_miriam_kacerova_jason_reilly_henrik_erikson_c_roman_novitzky_stuttgarter_ballett-scaled-e1770129050696.jpg\" alt=\"Dornr\u00f6schen\">\n                                    <div class=\"post-info\">\n                                                                                    <span class=\"category\" style=\"color: #9eca3c\">\n                                                                                                    <img src=\"https:\/\/www.szenik.eu\/wp-content\/plugins\/szenik-une\/images\/szenik-slider.svg\" alt=\"szenik\">\n                                                                                                Tanz                                            <\/span>\n                                                                                            <br>\n                                                                                                                            <h3>Dornr\u00f6schen<\/h3>\n                                                                                        <div class=\"subtitle\">Ballett von Marcia Hayd\u00e9e<\/div>\n                                                                                        <div class=\"date\">\n                                                <i class=\"date__icon fa fa-clock-o\"><\/i>\n                                                <span class=\"date__content\">\n                                                                                                                                            16\/05\/2026            \n                                                <br>                    19h00                                                                                                                                <\/span>\n                                            <\/div>\n                                            <div class=\"location\">\n                                                <i class=\"location__icon fa fa-search\"><\/i>\n                                                <span class=\"location__content\">\n                                                                                                            Opernhaus Stuttgart                                                                                                                    <br>\n                                                            <span class=\"location__content__city\">\n                                                                Stuttgart                                                            <\/span>\n                                                                                                                                                            <\/span>\n                                            <\/div>\n                                                                            <\/div>\n                                <\/a>\n                            <\/li>\n                                                <li class=\"placeholder\"><\/li>\n                    <\/ul>\n                <\/div>\n                                    <ul class=\"slider__ticks\">\n                                                    <li class=\"tick goto\"><\/li>\n                                                    <li class=\"tick goto\"><\/li>\n                                                    <li class=\"tick goto\"><\/li>\n                                                    <li class=\"tick goto\"><\/li>\n                                                    <li class=\"tick goto\"><\/li>\n                                            <\/ul>\n                            <\/div>\n            \n                                    <div class=\"align-right\">\n                        <a class=\"une-button\" href=\"https:\/\/www.szenik.eu\/de\/event-categories\/tanz\">Zur Auswahl<\/a>\n                    <\/div>\n                            <\/div>\n            \n\n\n            <div class=\"une-widget une-widget--szenik-une-image-iframe\">\n                                    <h2>4 K\u00fcnstler*innen aus 50 Bewerbungen f\u00fcr das Kaserne LAB 2026\/27 ausgew\u00e4hltt Mitwirkende<\/h2>\n                \n                                <a href=\"https:\/\/www.szenik.eu\/de\/4-kuenstlerinnen-aus-50-bewerbungen-fuer-das-kaserne-lab-2026-27-ausgewaehlt-77193\" target=\"_blank\">\n                    <img src=\"https:\/\/www.szenik.eu\/wp-content\/uploads\/2026\/03\/Alessandro-Schiattarella_1-c-privat-scaled.jpeg\"\n                            alt=\"4 K\u00fcnstler*innen aus 50 Bewerbungen f\u00fcr das Kaserne LAB 2026\/27 ausgew\u00e4hltt Mitwirkende\">\n                <\/a>\n            \n                                    <div class=\"align-right\">\n                        <a class=\"une-button\" href=\"https:\/\/www.szenik.eu\/de\/4-kuenstlerinnen-aus-50-bewerbungen-fuer-das-kaserne-lab-2026-27-ausgewaehlt-77193\">Mehr erfahren<\/a>\n                    <\/div>\n                            <\/div>\n            \n\n\n\n\n\n\n\n\n\n\n\n\n\n\n\n","protected":false},"excerpt":{"rendered":"","protected":false},"author":1,"featured_media":0,"parent":0,"menu_order":0,"comment_status":"closed","ping_status":"closed","template":"","meta":{"_monsterinsights_skip_tracking":false,"_monsterinsights_sitenote_active":false,"_monsterinsights_sitenote_note":"","_monsterinsights_sitenote_category":0},"yoast_head":"<!-- This site is optimized with the Yoast SEO plugin v20.5 - https:\/\/yoast.com\/wordpress\/plugins\/seo\/ -->\n<title>Home | szenik<\/title>\n<meta name=\"robots\" content=\"index, follow, max-snippet:-1, max-image-preview:large, max-video-preview:-1\" \/>\n<link rel=\"canonical\" href=\"https:\/\/www.szenik.eu\/de\" \/>\n<meta property=\"og:locale\" content=\"de_DE\" \/>\n<meta property=\"og:type\" content=\"article\" \/>\n<meta property=\"og:title\" content=\"Home | szenik\" \/>\n<meta property=\"og:url\" content=\"https:\/\/www.szenik.eu\/de\" \/>\n<meta property=\"og:site_name\" content=\"szenik\" \/>\n<meta property=\"article:publisher\" content=\"https:\/\/www.facebook.com\/szenik.eu\/\" \/>\n<meta property=\"article:modified_time\" content=\"2026-04-28T14:40:48+00:00\" \/>\n<meta property=\"og:image\" content=\"https:\/\/www.szenik.eu\/wp-content\/uploads\/2019\/07\/logo-square.png\" \/>\n\t<meta property=\"og:image:width\" content=\"512\" \/>\n\t<meta property=\"og:image:height\" content=\"512\" \/>\n\t<meta property=\"og:image:type\" content=\"image\/png\" \/>\n<meta name=\"twitter:card\" content=\"summary_large_image\" \/>\n<meta name=\"twitter:site\" content=\"@Szenik\" \/>\n<meta name=\"twitter:label1\" content=\"Gesch\u00e4tzte Lesezeit\" \/>\n\t<meta name=\"twitter:data1\" content=\"2\u00a0Minuten\" \/>\n<script type=\"application\/ld+json\" class=\"yoast-schema-graph\">{\"@context\":\"https:\/\/schema.org\",\"@graph\":[{\"@type\":\"WebPage\",\"@id\":\"https:\/\/www.szenik.eu\/de\",\"url\":\"https:\/\/www.szenik.eu\/de\",\"name\":\"Home | szenik\",\"isPartOf\":{\"@id\":\"https:\/\/www.szenik.eu\/de\/#website\"},\"datePublished\":\"2019-07-08T21:55:24+00:00\",\"dateModified\":\"2026-04-28T14:40:48+00:00\",\"breadcrumb\":{\"@id\":\"https:\/\/www.szenik.eu\/de#breadcrumb\"},\"inLanguage\":\"de\",\"potentialAction\":[{\"@type\":\"ReadAction\",\"target\":[\"https:\/\/www.szenik.eu\/de\"]}]},{\"@type\":\"BreadcrumbList\",\"@id\":\"https:\/\/www.szenik.eu\/de#breadcrumb\",\"itemListElement\":[{\"@type\":\"ListItem\",\"position\":1,\"name\":\"Home\",\"item\":\"https:\/\/www.szenik.eu\/de\"},{\"@type\":\"ListItem\",\"position\":2,\"name\":\"Home\"}]},{\"@type\":\"WebSite\",\"@id\":\"https:\/\/www.szenik.eu\/de\/#website\",\"url\":\"https:\/\/www.szenik.eu\/de\/\",\"name\":\"szenik\",\"description\":\"Le Meilleur des sc\u00e8nes au coeur de l&#039;Europe\",\"publisher\":{\"@id\":\"https:\/\/www.szenik.eu\/de\/#organization\"},\"potentialAction\":[{\"@type\":\"SearchAction\",\"target\":{\"@type\":\"EntryPoint\",\"urlTemplate\":\"https:\/\/www.szenik.eu\/de\/?s={search_term_string}\"},\"query-input\":\"required name=search_term_string\"}],\"inLanguage\":\"de\"},{\"@type\":\"Organization\",\"@id\":\"https:\/\/www.szenik.eu\/de\/#organization\",\"name\":\"Szenik\",\"url\":\"https:\/\/www.szenik.eu\/de\/\",\"logo\":{\"@type\":\"ImageObject\",\"inLanguage\":\"de\",\"@id\":\"https:\/\/www.szenik.eu\/de\/#\/schema\/logo\/image\/\",\"url\":\"https:\/\/www.szenik.eu\/wp-content\/uploads\/2019\/07\/logo-square.png\",\"contentUrl\":\"https:\/\/www.szenik.eu\/wp-content\/uploads\/2019\/07\/logo-square.png\",\"width\":512,\"height\":512,\"caption\":\"Szenik\"},\"image\":{\"@id\":\"https:\/\/www.szenik.eu\/de\/#\/schema\/logo\/image\/\"},\"sameAs\":[\"https:\/\/www.facebook.com\/szenik.eu\/\",\"https:\/\/twitter.com\/Szenik\",\"https:\/\/www.instagram.com\/szenik_magazine\/\",\"https:\/\/www.youtube.com\/user\/SzenikEU\/\"]}]}<\/script>\n<!-- \/ Yoast SEO plugin. -->","yoast_head_json":{"title":"Home | szenik","robots":{"index":"index","follow":"follow","max-snippet":"max-snippet:-1","max-image-preview":"max-image-preview:large","max-video-preview":"max-video-preview:-1"},"canonical":"https:\/\/www.szenik.eu\/de","og_locale":"de_DE","og_type":"article","og_title":"Home | szenik","og_url":"https:\/\/www.szenik.eu\/de","og_site_name":"szenik","article_publisher":"https:\/\/www.facebook.com\/szenik.eu\/","article_modified_time":"2026-04-28T14:40:48+00:00","og_image":[{"width":512,"height":512,"url":"https:\/\/www.szenik.eu\/wp-content\/uploads\/2019\/07\/logo-square.png","type":"image\/png"}],"twitter_card":"summary_large_image","twitter_site":"@Szenik","twitter_misc":{"Gesch\u00e4tzte Lesezeit":"2\u00a0Minuten"},"schema":{"@context":"https:\/\/schema.org","@graph":[{"@type":"WebPage","@id":"https:\/\/www.szenik.eu\/de","url":"https:\/\/www.szenik.eu\/de","name":"Home | szenik","isPartOf":{"@id":"https:\/\/www.szenik.eu\/de\/#website"},"datePublished":"2019-07-08T21:55:24+00:00","dateModified":"2026-04-28T14:40:48+00:00","breadcrumb":{"@id":"https:\/\/www.szenik.eu\/de#breadcrumb"},"inLanguage":"de","potentialAction":[{"@type":"ReadAction","target":["https:\/\/www.szenik.eu\/de"]}]},{"@type":"BreadcrumbList","@id":"https:\/\/www.szenik.eu\/de#breadcrumb","itemListElement":[{"@type":"ListItem","position":1,"name":"Home","item":"https:\/\/www.szenik.eu\/de"},{"@type":"ListItem","position":2,"name":"Home"}]},{"@type":"WebSite","@id":"https:\/\/www.szenik.eu\/de\/#website","url":"https:\/\/www.szenik.eu\/de\/","name":"szenik","description":"Le Meilleur des sc\u00e8nes au coeur de l&#039;Europe","publisher":{"@id":"https:\/\/www.szenik.eu\/de\/#organization"},"potentialAction":[{"@type":"SearchAction","target":{"@type":"EntryPoint","urlTemplate":"https:\/\/www.szenik.eu\/de\/?s={search_term_string}"},"query-input":"required name=search_term_string"}],"inLanguage":"de"},{"@type":"Organization","@id":"https:\/\/www.szenik.eu\/de\/#organization","name":"Szenik","url":"https:\/\/www.szenik.eu\/de\/","logo":{"@type":"ImageObject","inLanguage":"de","@id":"https:\/\/www.szenik.eu\/de\/#\/schema\/logo\/image\/","url":"https:\/\/www.szenik.eu\/wp-content\/uploads\/2019\/07\/logo-square.png","contentUrl":"https:\/\/www.szenik.eu\/wp-content\/uploads\/2019\/07\/logo-square.png","width":512,"height":512,"caption":"Szenik"},"image":{"@id":"https:\/\/www.szenik.eu\/de\/#\/schema\/logo\/image\/"},"sameAs":["https:\/\/www.facebook.com\/szenik.eu\/","https:\/\/twitter.com\/Szenik","https:\/\/www.instagram.com\/szenik_magazine\/","https:\/\/www.youtube.com\/user\/SzenikEU\/"]}]}},"_links":{"self":[{"href":"https:\/\/www.szenik.eu\/de\/wp-json\/\/wp\/v2\/pages\/231"}],"collection":[{"href":"https:\/\/www.szenik.eu\/de\/wp-json\/\/wp\/v2\/pages"}],"about":[{"href":"https:\/\/www.szenik.eu\/de\/wp-json\/\/wp\/v2\/types\/page"}],"author":[{"embeddable":true,"href":"https:\/\/www.szenik.eu\/de\/wp-json\/\/wp\/v2\/users\/1"}],"replies":[{"embeddable":true,"href":"https:\/\/www.szenik.eu\/de\/wp-json\/\/wp\/v2\/comments?post=231"}],"version-history":[{"count":50,"href":"https:\/\/www.szenik.eu\/de\/wp-json\/\/wp\/v2\/pages\/231\/revisions"}],"predecessor-version":[{"id":77778,"href":"https:\/\/www.szenik.eu\/de\/wp-json\/\/wp\/v2\/pages\/231\/revisions\/77778"}],"wp:attachment":[{"href":"https:\/\/www.szenik.eu\/de\/wp-json\/\/wp\/v2\/media?parent=231"}],"curies":[{"name":"wp","href":"https:\/\/api.w.org\/{rel}","templated":true}]}}